{"id":2928,"date":"2019-01-30T14:06:41","date_gmt":"2019-01-30T14:06:41","guid":{"rendered":"http:\/\/w\u00f6hl.de\/?page_id=2928"},"modified":"2023-02-25T13:40:32","modified_gmt":"2023-02-25T13:40:32","slug":"briefe","status":"publish","type":"page","link":"https:\/\/familie-woehl.de\/?page_id=2928","title":{"rendered":"Briefe"},"content":{"rendered":"\n<p>Da die Briefe zwischen Bruno, Annemarie, ihren Eltern, aber fr\u00fcher zwischen den Mitgliedern der St\u00f6ckmann-Familie in Salesker Strand und Tochter\/Schwester Frieda in Altd\u00f6bern einen guten Eindruck von der schwierigen Zeit in der 1. H\u00e4lfte des letzten Jahrhunderts wiedergeben, sind sie eine wichtige Erg\u00e4nzung der Chronik. Die&nbsp;<strong>Briefe<\/strong>&nbsp;von Annemarie an Bruno, die sie&nbsp;<strong>vor Kriegsende<\/strong>&nbsp;geschrieben hat, sind nicht erhalten. Wie Bruno in einem sp\u00e4teren Brief schreibt, hat er sie verbrannt, bevor sich seine Einheit 1945 ergab. <\/p>\n\n\n\n<p><em>Die S\u00fcterlin-Schrift vieler folgender Briefe ist f\u00fcr einen, der diese Schreibschrift nicht zu schreiben&nbsp;gelernt hat, oft schwer zu entziffern. Daher enth\u00e4lt die \u00dcbertragung in die Maschinenschrift oft einige L\u00fccken und sicherlich auch Fehler.&nbsp;Korrekturhinweise werden dankbar entgegen genommen.<\/em><\/p>\n\n\n\n<h4 class=\"has-text-align-center wp-block-heading\">1915<\/h4>\n\n\n<div class=\"wp-block-image\">\n<figure class=\"alignleft size-thumbnail\"><a href=\"https:\/\/familie-woehl.de\/wp-content\/uploads\/2012\/11\/Wanderpostkarte1913.jpg\"><img loading=\"lazy\" decoding=\"async\" width=\"100\" height=\"150\" src=\"https:\/\/familie-woehl.de\/wp-content\/uploads\/2012\/11\/Wanderpostkarte1913-100x150.jpg\" alt=\"\" class=\"wp-image-1018\" srcset=\"https:\/\/familie-woehl.de\/wp-content\/uploads\/2012\/11\/Wanderpostkarte1913-100x150.jpg 100w, https:\/\/familie-woehl.de\/wp-content\/uploads\/2012\/11\/Wanderpostkarte1913-200x300.jpg 200w, https:\/\/familie-woehl.de\/wp-content\/uploads\/2012\/11\/Wanderpostkarte1913-624x933.jpg 624w, https:\/\/familie-woehl.de\/wp-content\/uploads\/2012\/11\/Wanderpostkarte1913.jpg 631w\" sizes=\"auto, (max-width: 100px) 100vw, 100px\" \/><\/a><figcaption class=\"wp-element-caption\">Postkartenansicht von 1913<\/figcaption><\/figure>\n<\/div>\n\n<div class=\"wp-block-image\">\n<figure class=\"alignleft size-thumbnail is-resized\"><a href=\"https:\/\/familie-woehl.de\/wp-content\/uploads\/2013\/08\/Wanderpostkarte1913RS.jpg\"><img loading=\"lazy\" decoding=\"async\" src=\"https:\/\/familie-woehl.de\/wp-content\/uploads\/2013\/08\/Wanderpostkarte1913RS-100x150.jpg\" alt=\"\" class=\"wp-image-1021\" width=\"100\" height=\"150\" srcset=\"https:\/\/familie-woehl.de\/wp-content\/uploads\/2013\/08\/Wanderpostkarte1913RS-100x150.jpg 100w, https:\/\/familie-woehl.de\/wp-content\/uploads\/2013\/08\/Wanderpostkarte1913RS-201x300.jpg 201w, https:\/\/familie-woehl.de\/wp-content\/uploads\/2013\/08\/Wanderpostkarte1913RS-624x928.jpg 624w, https:\/\/familie-woehl.de\/wp-content\/uploads\/2013\/08\/Wanderpostkarte1913RS.jpg 636w\" sizes=\"auto, (max-width: 100px) 100vw, 100px\" \/><\/a><\/figure>\n<\/div>\n\n\n<p>Postkarte von Gerhard St\u00f6ckmann an seine Schwester Frieda (Kinder von&nbsp;<a rel=\"noreferrer noopener\" href=\"https:\/\/familie-woehl.de\/?page_id=214\" target=\"_blank\">August und Mathilde St\u00f6ckmann<\/a>&nbsp;sowie Geschwister von&nbsp;<a rel=\"noreferrer noopener\" href=\"https:\/\/familie-woehl.de\/?page_id=228\" target=\"_blank\">Bertha R\u00fcchel<\/a>) in Salesker-Strand: <em>Liebe Schwester!<\/em><br><em>Bitte, teile den lieben Eltern doch mit, da\u00df ich das Geld erhalten habe. Ich sage Euch daf\u00fcr meinen herzlichsten Dank. Jetzt habe ich doch wenigstens die Schuld los. Am 16. Juni werden wir wahrscheinlich einen Ausflug nach Stolpm\u00fcnde machen. Dann kann ich vielleicht noch auf ein paar Augenblicke zuhause bleiben. Es ist aber noch nicht ganz genau bestimmt. Heute war hier ein gro\u00dfes Feuer. Nun seid herzlich gegr\u00fc\u00dft von Eurem dankbaren Sohn Gerhard. Wie hat es Mutter in M. gefa<\/em>llen?<\/p>\n\n\n\n<h3 class=\"wp-block-heading\" id=\"Vorkriegsbriefe\">Vorkriegsbriefe der St\u00f6ckmann-Familie<\/h3>\n\n\n\n<h4 class=\"has-text-align-center wp-block-heading\" id=\"Briefe1920\">1920<\/h4>\n\n\n<div class=\"wp-block-image\">\n<figure class=\"alignleft size-thumbnail\"><a href=\"https:\/\/familie-woehl.de\/?page_id=4456\"><img loading=\"lazy\" decoding=\"async\" width=\"96\" height=\"150\" src=\"https:\/\/familie-woehl.de\/wp-content\/uploads\/2023\/01\/201006Mathilde_an_Frieda_S1-96x150.jpg\" alt=\"\" class=\"wp-image-4343\" srcset=\"https:\/\/familie-woehl.de\/wp-content\/uploads\/2023\/01\/201006Mathilde_an_Frieda_S1-96x150.jpg 96w, https:\/\/familie-woehl.de\/wp-content\/uploads\/2023\/01\/201006Mathilde_an_Frieda_S1-192x300.jpg 192w, https:\/\/familie-woehl.de\/wp-content\/uploads\/2023\/01\/201006Mathilde_an_Frieda_S1-657x1024.jpg 657w, https:\/\/familie-woehl.de\/wp-content\/uploads\/2023\/01\/201006Mathilde_an_Frieda_S1-768x1197.jpg 768w, https:\/\/familie-woehl.de\/wp-content\/uploads\/2023\/01\/201006Mathilde_an_Frieda_S1-985x1536.jpg 985w, https:\/\/familie-woehl.de\/wp-content\/uploads\/2023\/01\/201006Mathilde_an_Frieda_S1-1314x2048.jpg 1314w, https:\/\/familie-woehl.de\/wp-content\/uploads\/2023\/01\/201006Mathilde_an_Frieda_S1.jpg 1407w\" sizes=\"auto, (max-width: 96px) 100vw, 96px\" \/><\/a><\/figure>\n<\/div>\n\n\n<p><a href=\"https:\/\/familie-woehl.de\/?page_id=4456\" data-type=\"page\" data-id=\"4456\">Geburtstagsbrief an Frieda St\u00f6ckmann<\/a> von ihrer&nbsp;<a rel=\"noreferrer noopener\" href=\"https:\/\/familie-woehl.de\/?page_id=214\" target=\"_blank\">Mutter Mathilde, ihrem Vater August, ihren Br\u00fcdern Erich und Gerhard, ihrer Schwester Berta<\/a>&nbsp;und ihrem Neffen Kurt (Sohn von Anna Dabrunz, geb. St\u00f6ckmann); Frieda arbeitete damals wahrscheinlich im&nbsp;<a rel=\"noreferrer noopener\" href=\"https:\/\/de.wikipedia.org\/wiki\/Schloss_Altd%C3%B6bern\" target=\"_blank\">Schloss Altd\u00f6bern<\/a>.<\/p>\n\n\n\n<h4 class=\"has-text-align-center wp-block-heading\" id=\"Briefe1922\">1922<\/h4>\n\n\n<div class=\"wp-block-image\">\n<figure class=\"alignleft size-thumbnail\"><a href=\"https:\/\/familie-woehl.de\/?page_id=4460\"><img loading=\"lazy\" decoding=\"async\" width=\"98\" height=\"150\" src=\"https:\/\/familie-woehl.de\/wp-content\/uploads\/2023\/01\/220322Berta_an_Frieda_S1-98x150.jpg\" alt=\"\" class=\"wp-image-4365\" srcset=\"https:\/\/familie-woehl.de\/wp-content\/uploads\/2023\/01\/220322Berta_an_Frieda_S1-98x150.jpg 98w, https:\/\/familie-woehl.de\/wp-content\/uploads\/2023\/01\/220322Berta_an_Frieda_S1-196x300.jpg 196w, https:\/\/familie-woehl.de\/wp-content\/uploads\/2023\/01\/220322Berta_an_Frieda_S1-670x1024.jpg 670w, https:\/\/familie-woehl.de\/wp-content\/uploads\/2023\/01\/220322Berta_an_Frieda_S1-768x1175.jpg 768w, https:\/\/familie-woehl.de\/wp-content\/uploads\/2023\/01\/220322Berta_an_Frieda_S1-1004x1536.jpg 1004w, https:\/\/familie-woehl.de\/wp-content\/uploads\/2023\/01\/220322Berta_an_Frieda_S1-1339x2048.jpg 1339w, https:\/\/familie-woehl.de\/wp-content\/uploads\/2023\/01\/220322Berta_an_Frieda_S1-scaled.jpg 1674w\" sizes=\"auto, (max-width: 98px) 100vw, 98px\" \/><\/a><\/figure>\n<\/div>\n\n\n<p><a href=\"https:\/\/familie-woehl.de\/?page_id=4460\" data-type=\"page\" data-id=\"4460\">unvollst\u00e4ndiger Brief<\/a> von&nbsp;<a rel=\"noreferrer noopener\" href=\"https:\/\/familie-woehl.de\/?page_id=228\" target=\"_blank\">Berta R\u00fcchel an ihre Schwester Frieda<\/a>, wo sie vermutlich im&nbsp;<a rel=\"noreferrer noopener\" href=\"https:\/\/de.wikipedia.org\/wiki\/Schloss_Altd%C3%B6bern\" target=\"_blank\">Schloss Altd\u00f6bern<\/a>&nbsp;arbeitete und ihren sp\u00e4teren Mann Gotthold Zoch kennenlernte, der in Altd\u00f6bern am Markt 14 eine Landwirtschaft betrieb<\/p>\n\n\n\n<h4 class=\"has-text-align-center wp-block-heading\" id=\"Briefe1923\">1923<\/h4>\n\n\n<div class=\"wp-block-image\">\n<figure class=\"alignleft size-thumbnail\"><a href=\"https:\/\/familie-woehl.de\/?page_id=4467\"><img loading=\"lazy\" decoding=\"async\" width=\"103\" height=\"150\" src=\"https:\/\/familie-woehl.de\/wp-content\/uploads\/2023\/01\/231116Mathilde_an_Frieda_S1-103x150.jpg\" alt=\"\" class=\"wp-image-4367\" srcset=\"https:\/\/familie-woehl.de\/wp-content\/uploads\/2023\/01\/231116Mathilde_an_Frieda_S1-103x150.jpg 103w, https:\/\/familie-woehl.de\/wp-content\/uploads\/2023\/01\/231116Mathilde_an_Frieda_S1-205x300.jpg 205w, https:\/\/familie-woehl.de\/wp-content\/uploads\/2023\/01\/231116Mathilde_an_Frieda_S1-700x1024.jpg 700w, https:\/\/familie-woehl.de\/wp-content\/uploads\/2023\/01\/231116Mathilde_an_Frieda_S1-768x1124.jpg 768w, https:\/\/familie-woehl.de\/wp-content\/uploads\/2023\/01\/231116Mathilde_an_Frieda_S1-1050x1536.jpg 1050w, https:\/\/familie-woehl.de\/wp-content\/uploads\/2023\/01\/231116Mathilde_an_Frieda_S1-1400x2048.jpg 1400w, https:\/\/familie-woehl.de\/wp-content\/uploads\/2023\/01\/231116Mathilde_an_Frieda_S1-scaled.jpg 1750w\" sizes=\"auto, (max-width: 103px) 100vw, 103px\" \/><\/a><\/figure>\n<\/div>\n\n\n<p><a href=\"https:\/\/familie-woehl.de\/?page_id=2928\" data-type=\"page\" data-id=\"2928\">Brief <\/a>von&nbsp;<a rel=\"noreferrer noopener\" href=\"https:\/\/familie-woehl.de\/?page_id=214\" target=\"_blank\">Mathilde St\u00f6ckmann<\/a>&nbsp;an ihre Tochter Frieda im&nbsp;<a rel=\"noreferrer noopener\" href=\"https:\/\/de.wikipedia.org\/wiki\/Schloss_Altd%C3%B6bern\" target=\"_blank\">Schloss Altd\u00f6bern<\/a>&nbsp;w\u00e4hrend der&nbsp;<a rel=\"noreferrer noopener\" href=\"https:\/\/de.wikipedia.org\/wiki\/Deutsche_Inflation_1914_bis_1923#Hyperinflation_des_Jahres_1923\" target=\"_blank\">Hyperinflation<\/a>&nbsp;kurz vor der Heirat von Frieda mit Gotthold Zoch und der Geburt von Mutter&nbsp;<a rel=\"noreferrer noopener\" href=\"https:\/\/familie-woehl.de\/?page_id=234\" target=\"_blank\">Annemarie W\u00f6hl geb. R\u00fcchel<\/a>.<\/p>\n\n\n\n<h4 class=\"has-text-align-center wp-block-heading\" id=\"Briefe1927\">1927<\/h4>\n\n\n<div class=\"wp-block-image\">\n<figure class=\"alignleft size-thumbnail\"><a href=\"https:\/\/familie-woehl.de\/?page_id=4471\"><img loading=\"lazy\" decoding=\"async\" width=\"97\" height=\"150\" src=\"https:\/\/familie-woehl.de\/wp-content\/uploads\/2023\/01\/270310Mathilde_an_Frieda_S1-97x150.jpg\" alt=\"\" class=\"wp-image-4386\" srcset=\"https:\/\/familie-woehl.de\/wp-content\/uploads\/2023\/01\/270310Mathilde_an_Frieda_S1-97x150.jpg 97w, https:\/\/familie-woehl.de\/wp-content\/uploads\/2023\/01\/270310Mathilde_an_Frieda_S1-193x300.jpg 193w, https:\/\/familie-woehl.de\/wp-content\/uploads\/2023\/01\/270310Mathilde_an_Frieda_S1-659x1024.jpg 659w, https:\/\/familie-woehl.de\/wp-content\/uploads\/2023\/01\/270310Mathilde_an_Frieda_S1-768x1193.jpg 768w, https:\/\/familie-woehl.de\/wp-content\/uploads\/2023\/01\/270310Mathilde_an_Frieda_S1-989x1536.jpg 989w, https:\/\/familie-woehl.de\/wp-content\/uploads\/2023\/01\/270310Mathilde_an_Frieda_S1-1318x2048.jpg 1318w, https:\/\/familie-woehl.de\/wp-content\/uploads\/2023\/01\/270310Mathilde_an_Frieda_S1-scaled.jpg 1648w\" sizes=\"auto, (max-width: 97px) 100vw, 97px\" \/><\/a><\/figure>\n<\/div>\n\n\n<p><a href=\"https:\/\/familie-woehl.de\/?page_id=4471\" data-type=\"page\" data-id=\"4471\">Dankesbrief<\/a> von&nbsp;<a rel=\"noreferrer noopener\" href=\"https:\/\/familie-woehl.de\/?page_id=214\" target=\"_blank\">Mathilde St\u00f6ckmann<\/a>&nbsp;und&nbsp;<a href=\"https:\/\/familie-woehl.de\/?page_id=228\">Berta R\u00fcchel<\/a>&nbsp;an Tochter\/Schwester Frieda Zoch in Altd\u00f6bern f\u00fcr ein erhaltenes Paket; Ank\u00fcndigung eine Reise von Mathilde nach Altd\u00f6bern<\/p>\n\n\n\n<h4 class=\"has-text-align-center wp-block-heading\" id=\"Briefe1930\">1930<\/h4>\n\n\n<div class=\"wp-block-image\">\n<figure class=\"alignleft size-thumbnail\"><a href=\"https:\/\/familie-woehl.de\/?page_id=4476\"><img loading=\"lazy\" decoding=\"async\" width=\"101\" height=\"150\" src=\"https:\/\/familie-woehl.de\/wp-content\/uploads\/2023\/01\/300201Berta_an_Frieda_S1-101x150.jpg\" alt=\"\" class=\"wp-image-4397\" srcset=\"https:\/\/familie-woehl.de\/wp-content\/uploads\/2023\/01\/300201Berta_an_Frieda_S1-101x150.jpg 101w, https:\/\/familie-woehl.de\/wp-content\/uploads\/2023\/01\/300201Berta_an_Frieda_S1-202x300.jpg 202w, https:\/\/familie-woehl.de\/wp-content\/uploads\/2023\/01\/300201Berta_an_Frieda_S1-689x1024.jpg 689w, https:\/\/familie-woehl.de\/wp-content\/uploads\/2023\/01\/300201Berta_an_Frieda_S1-768x1141.jpg 768w, https:\/\/familie-woehl.de\/wp-content\/uploads\/2023\/01\/300201Berta_an_Frieda_S1-1034x1536.jpg 1034w, https:\/\/familie-woehl.de\/wp-content\/uploads\/2023\/01\/300201Berta_an_Frieda_S1-1379x2048.jpg 1379w, https:\/\/familie-woehl.de\/wp-content\/uploads\/2023\/01\/300201Berta_an_Frieda_S1-scaled.jpg 1723w\" sizes=\"auto, (max-width: 101px) 100vw, 101px\" \/><\/a><\/figure>\n<\/div>\n\n\n<p><a href=\"https:\/\/familie-woehl.de\/?page_id=4476\" data-type=\"page\" data-id=\"4476\">Brief <\/a>von&nbsp;<a href=\"https:\/\/familie-woehl.de\/?page_id=228\">Berta<\/a>&nbsp;an ihre Schwester Frieda in Altd\u00f6bern \u00fcber eine Hochzeit in Krowlow-Strand, bei der sie kochte und backte<\/p>\n\n\n\n<h4 class=\"has-text-align-center wp-block-heading\" id=\"Briefe1932\">1932<\/h4>\n\n\n<div class=\"wp-block-image\">\n<figure class=\"alignleft size-thumbnail\"><a href=\"https:\/\/familie-woehl.de\/?page_id=4478\"><img loading=\"lazy\" decoding=\"async\" width=\"100\" height=\"150\" src=\"https:\/\/familie-woehl.de\/wp-content\/uploads\/2023\/01\/320301Berta_an_Frieda_S1-100x150.jpg\" alt=\"\" class=\"wp-image-4406\" srcset=\"https:\/\/familie-woehl.de\/wp-content\/uploads\/2023\/01\/320301Berta_an_Frieda_S1-100x150.jpg 100w, https:\/\/familie-woehl.de\/wp-content\/uploads\/2023\/01\/320301Berta_an_Frieda_S1-200x300.jpg 200w, https:\/\/familie-woehl.de\/wp-content\/uploads\/2023\/01\/320301Berta_an_Frieda_S1-682x1024.jpg 682w, https:\/\/familie-woehl.de\/wp-content\/uploads\/2023\/01\/320301Berta_an_Frieda_S1-768x1153.jpg 768w, https:\/\/familie-woehl.de\/wp-content\/uploads\/2023\/01\/320301Berta_an_Frieda_S1-1023x1536.jpg 1023w, https:\/\/familie-woehl.de\/wp-content\/uploads\/2023\/01\/320301Berta_an_Frieda_S1-1365x2048.jpg 1365w, https:\/\/familie-woehl.de\/wp-content\/uploads\/2023\/01\/320301Berta_an_Frieda_S1-scaled.jpg 1706w\" sizes=\"auto, (max-width: 100px) 100vw, 100px\" \/><\/a><\/figure>\n<\/div>\n\n\n<p><a href=\"https:\/\/familie-woehl.de\/?page_id=4478\" data-type=\"page\" data-id=\"4478\">Brief<\/a> von&nbsp;<a href=\"https:\/\/familie-woehl.de\/?page_id=228\">Berta<\/a>&nbsp;an ihre Schwester Frieda in Altd\u00f6bern \u00fcber das Leben in Salesker-Strand, Familie, Krankheiten, Landwirtschaft, \u2026<\/p>\n\n\n\n<h3 class=\"wp-block-heading\">Briefe der Zeit vor dem Kriegsende<\/h3>\n\n\n\n<h4 class=\"has-text-align-center wp-block-heading\" id=\"Briefe1944\">1944<\/h4>\n\n\n<div class=\"wp-block-image\">\n<figure class=\"alignleft\"><a href=\"https:\/\/familie-woehl.de\/?page_id=2931\"><img loading=\"lazy\" decoding=\"async\" width=\"108\" height=\"150\" src=\"https:\/\/familie-woehl.de\/wp-content\/uploads\/2013\/08\/441121Bruno1-108x150.jpg\" alt=\"\" class=\"wp-image-1040\" srcset=\"https:\/\/familie-woehl.de\/wp-content\/uploads\/2013\/08\/441121Bruno1-108x150.jpg 108w, https:\/\/familie-woehl.de\/wp-content\/uploads\/2013\/08\/441121Bruno1-216x300.jpg 216w, https:\/\/familie-woehl.de\/wp-content\/uploads\/2013\/08\/441121Bruno1-738x1024.jpg 738w, https:\/\/familie-woehl.de\/wp-content\/uploads\/2013\/08\/441121Bruno1-624x864.jpg 624w, https:\/\/familie-woehl.de\/wp-content\/uploads\/2013\/08\/441121Bruno1.jpg 744w\" sizes=\"auto, (max-width: 108px) 100vw, 108px\" \/><\/a><figcaption class=\"wp-element-caption\"> <br>21.11.1944 Bruno an Annemarie <\/figcaption><\/figure>\n<\/div>\n\n<div class=\"wp-block-image\">\n<figure class=\"alignleft\"><a href=\"https:\/\/familie-woehl.de\/?page_id=2936\"><img loading=\"lazy\" decoding=\"async\" width=\"107\" height=\"150\" src=\"https:\/\/familie-woehl.de\/wp-content\/uploads\/2013\/08\/441129Bertha1-107x150.jpg\" alt=\"\" class=\"wp-image-1176\" srcset=\"https:\/\/familie-woehl.de\/wp-content\/uploads\/2013\/08\/441129Bertha1-107x150.jpg 107w, https:\/\/familie-woehl.de\/wp-content\/uploads\/2013\/08\/441129Bertha1-214x300.jpg 214w, https:\/\/familie-woehl.de\/wp-content\/uploads\/2013\/08\/441129Bertha1-624x874.jpg 624w, https:\/\/familie-woehl.de\/wp-content\/uploads\/2013\/08\/441129Bertha1.jpg 715w\" sizes=\"auto, (max-width: 107px) 100vw, 107px\" \/><\/a><figcaption class=\"wp-element-caption\"> <br>29.11.1944 Mutter Bertha an Annemarie <\/figcaption><\/figure>\n<\/div>\n\n<div class=\"wp-block-image\">\n<figure class=\"alignleft\"><a href=\"https:\/\/familie-woehl.de\/?page_id=2942\"><img loading=\"lazy\" decoding=\"async\" width=\"127\" height=\"150\" src=\"https:\/\/familie-woehl.de\/wp-content\/uploads\/2013\/08\/441225Bruno1-127x150.jpg\" alt=\"\" class=\"wp-image-1070\" srcset=\"https:\/\/familie-woehl.de\/wp-content\/uploads\/2013\/08\/441225Bruno1-127x150.jpg 127w, https:\/\/familie-woehl.de\/wp-content\/uploads\/2013\/08\/441225Bruno1-255x300.jpg 255w, https:\/\/familie-woehl.de\/wp-content\/uploads\/2013\/08\/441225Bruno1-871x1024.jpg 871w, https:\/\/familie-woehl.de\/wp-content\/uploads\/2013\/08\/441225Bruno1-624x733.jpg 624w, https:\/\/familie-woehl.de\/wp-content\/uploads\/2013\/08\/441225Bruno1.jpg 923w\" sizes=\"auto, (max-width: 127px) 100vw, 127px\" \/><\/a><figcaption class=\"wp-element-caption\"> <br>25.12.1944 Bruno an Annemarie <\/figcaption><\/figure>\n<\/div>\n\n\n<div style=\"height:6px\" aria-hidden=\"true\" class=\"wp-block-spacer\"><\/div>\n\n\n\n<h4 class=\"has-text-align-center wp-block-heading\" id=\"Briefe1945\">1945<\/h4>\n\n\n<div class=\"wp-block-image\">\n<figure class=\"alignleft\"><a href=\"https:\/\/familie-woehl.de\/?page_id=2948\"><img loading=\"lazy\" decoding=\"async\" width=\"104\" height=\"150\" src=\"https:\/\/familie-woehl.de\/wp-content\/uploads\/2013\/08\/450108bertha1-104x150.jpg\" alt=\"\" class=\"wp-image-1055\" srcset=\"https:\/\/familie-woehl.de\/wp-content\/uploads\/2013\/08\/450108bertha1-104x150.jpg 104w, https:\/\/familie-woehl.de\/wp-content\/uploads\/2013\/08\/450108bertha1-208x300.jpg 208w, https:\/\/familie-woehl.de\/wp-content\/uploads\/2013\/08\/450108bertha1-713x1024.jpg 713w, https:\/\/familie-woehl.de\/wp-content\/uploads\/2013\/08\/450108bertha1-624x896.jpg 624w, https:\/\/familie-woehl.de\/wp-content\/uploads\/2013\/08\/450108bertha1.jpg 828w\" sizes=\"auto, (max-width: 104px) 100vw, 104px\" \/><\/a><figcaption class=\"wp-element-caption\"> <br>8.1.1945 Bertha an Schwester Frieda <\/figcaption><\/figure>\n<\/div>\n\n<div class=\"wp-block-image\">\n<figure class=\"alignleft\"><a href=\"https:\/\/familie-woehl.de\/?page_id=2960\"><img loading=\"lazy\" decoding=\"async\" width=\"144\" height=\"150\" src=\"https:\/\/familie-woehl.de\/wp-content\/uploads\/2013\/08\/450110Bruno1-144x150.jpg\" alt=\"\" class=\"wp-image-1073\" srcset=\"https:\/\/familie-woehl.de\/wp-content\/uploads\/2013\/08\/450110Bruno1-144x150.jpg 144w, https:\/\/familie-woehl.de\/wp-content\/uploads\/2013\/08\/450110Bruno1-289x300.jpg 289w, https:\/\/familie-woehl.de\/wp-content\/uploads\/2013\/08\/450110Bruno1-624x645.jpg 624w, https:\/\/familie-woehl.de\/wp-content\/uploads\/2013\/08\/450110Bruno1.jpg 941w\" sizes=\"auto, (max-width: 144px) 100vw, 144px\" \/><\/a><figcaption class=\"wp-element-caption\"> <br>10.1.1945 Bruno an Annemarie <\/figcaption><\/figure>\n<\/div>\n\n<div class=\"wp-block-image\">\n<figure class=\"alignleft\"><a href=\"https:\/\/familie-woehl.de\/?page_id=2966\"><img loading=\"lazy\" decoding=\"async\" width=\"107\" height=\"150\" src=\"https:\/\/familie-woehl.de\/wp-content\/uploads\/2013\/08\/450207bertha1-107x150.jpg\" alt=\"\" class=\"wp-image-1052\" srcset=\"https:\/\/familie-woehl.de\/wp-content\/uploads\/2013\/08\/450207bertha1-107x150.jpg 107w, https:\/\/familie-woehl.de\/wp-content\/uploads\/2013\/08\/450207bertha1-215x300.jpg 215w, https:\/\/familie-woehl.de\/wp-content\/uploads\/2013\/08\/450207bertha1.jpg 620w\" sizes=\"auto, (max-width: 107px) 100vw, 107px\" \/><\/a><figcaption class=\"wp-element-caption\"> <br>7.2.1945 Mutter Bertha an Annemarie <\/figcaption><\/figure>\n<\/div>\n\n\n<h3 class=\"wp-block-heading\">Neue Kontakte nach dem Krieg<\/h3>\n\n\n<div class=\"wp-block-image\">\n<figure class=\"alignleft\"><a href=\"https:\/\/familie-woehl.de\/wp-content\/uploads\/2013\/10\/450823Suchanfrage2.jpg\"><img loading=\"lazy\" decoding=\"async\" width=\"150\" height=\"106\" src=\"https:\/\/familie-woehl.de\/wp-content\/uploads\/2013\/10\/450823Suchanfrage2-150x106.jpg\" alt=\"\" class=\"wp-image-1083\" srcset=\"https:\/\/familie-woehl.de\/wp-content\/uploads\/2013\/10\/450823Suchanfrage2-150x106.jpg 150w, https:\/\/familie-woehl.de\/wp-content\/uploads\/2013\/10\/450823Suchanfrage2-300x212.jpg 300w, https:\/\/familie-woehl.de\/wp-content\/uploads\/2013\/10\/450823Suchanfrage2-624x442.jpg 624w, https:\/\/familie-woehl.de\/wp-content\/uploads\/2013\/10\/450823Suchanfrage2.jpg 708w\" sizes=\"auto, (max-width: 150px) 100vw, 150px\" \/><\/a><figcaption class=\"wp-element-caption\">23.8.1945 Suchanfrage von Annemarie<\/figcaption><\/figure>\n<\/div>\n\n<div class=\"wp-block-image\">\n<figure class=\"alignleft\"><a href=\"https:\/\/familie-woehl.de\/?page_id=2974\"><img loading=\"lazy\" decoding=\"async\" width=\"103\" height=\"150\" src=\"https:\/\/familie-woehl.de\/wp-content\/uploads\/2013\/10\/450908Bruno1-103x150.jpg\" alt=\"\" class=\"wp-image-1086\" srcset=\"https:\/\/familie-woehl.de\/wp-content\/uploads\/2013\/10\/450908Bruno1-103x150.jpg 103w, https:\/\/familie-woehl.de\/wp-content\/uploads\/2013\/10\/450908Bruno1-206x300.jpg 206w, https:\/\/familie-woehl.de\/wp-content\/uploads\/2013\/10\/450908Bruno1-624x908.jpg 624w, https:\/\/familie-woehl.de\/wp-content\/uploads\/2013\/10\/450908Bruno1.jpg 691w\" sizes=\"auto, (max-width: 103px) 100vw, 103px\" \/><\/a><figcaption class=\"wp-element-caption\">8.9.1945 Brunos letzte Kriegs-erlebnisse<\/figcaption><\/figure>\n<\/div>\n\n<div class=\"wp-block-image\">\n<figure class=\"alignleft\"><a href=\"https:\/\/familie-woehl.de\/?page_id=2978\"><img loading=\"lazy\" decoding=\"async\" width=\"105\" height=\"150\" src=\"https:\/\/familie-woehl.de\/wp-content\/uploads\/2013\/10\/450927Annemarie1-105x150.jpg\" alt=\"\" class=\"wp-image-1090\" srcset=\"https:\/\/familie-woehl.de\/wp-content\/uploads\/2013\/10\/450927Annemarie1-105x150.jpg 105w, https:\/\/familie-woehl.de\/wp-content\/uploads\/2013\/10\/450927Annemarie1-211x300.jpg 211w, https:\/\/familie-woehl.de\/wp-content\/uploads\/2013\/10\/450927Annemarie1-624x886.jpg 624w, https:\/\/familie-woehl.de\/wp-content\/uploads\/2013\/10\/450927Annemarie1.jpg 691w\" sizes=\"auto, (max-width: 105px) 100vw, 105px\" \/><\/a><figcaption class=\"wp-element-caption\">27.9.1945 Annemaries  <br>letzte Kriegs-erlebnisse<\/figcaption><\/figure>\n<\/div>\n\n\n<div style=\"height:13px\" aria-hidden=\"true\" class=\"wp-block-spacer\"><\/div>\n\n\n<div class=\"wp-block-image\">\n<figure class=\"alignleft\"><a href=\"https:\/\/familie-woehl.de\/?page_id=2984\"><img loading=\"lazy\" decoding=\"async\" width=\"105\" height=\"150\" src=\"https:\/\/familie-woehl.de\/wp-content\/uploads\/2013\/10\/451003Bruno1-105x150.jpg\" alt=\"\" class=\"wp-image-1098\" srcset=\"https:\/\/familie-woehl.de\/wp-content\/uploads\/2013\/10\/451003Bruno1-105x150.jpg 105w, https:\/\/familie-woehl.de\/wp-content\/uploads\/2013\/10\/451003Bruno1-211x300.jpg 211w, https:\/\/familie-woehl.de\/wp-content\/uploads\/2013\/10\/451003Bruno1-721x1024.jpg 721w, https:\/\/familie-woehl.de\/wp-content\/uploads\/2013\/10\/451003Bruno1-624x885.jpg 624w, https:\/\/familie-woehl.de\/wp-content\/uploads\/2013\/10\/451003Bruno1.jpg 967w\" sizes=\"auto, (max-width: 105px) 100vw, 105px\" \/><\/a><figcaption class=\"wp-element-caption\">3.10.1945 Brief von Bruno<\/figcaption><\/figure>\n<\/div>\n\n<div class=\"wp-block-image\">\n<figure class=\"alignleft\"><a href=\"https:\/\/familie-woehl.de\/?page_id=2989\"><img loading=\"lazy\" decoding=\"async\" width=\"93\" height=\"150\" src=\"https:\/\/familie-woehl.de\/wp-content\/uploads\/2013\/10\/451012Annemarie1-93x150.jpg\" alt=\"\" class=\"wp-image-1103\" srcset=\"https:\/\/familie-woehl.de\/wp-content\/uploads\/2013\/10\/451012Annemarie1-93x150.jpg 93w, https:\/\/familie-woehl.de\/wp-content\/uploads\/2013\/10\/451012Annemarie1-186x300.jpg 186w, https:\/\/familie-woehl.de\/wp-content\/uploads\/2013\/10\/451012Annemarie1-635x1024.jpg 635w, https:\/\/familie-woehl.de\/wp-content\/uploads\/2013\/10\/451012Annemarie1-624x1006.jpg 624w, https:\/\/familie-woehl.de\/wp-content\/uploads\/2013\/10\/451012Annemarie1.jpg 967w\" sizes=\"auto, (max-width: 93px) 100vw, 93px\" \/><\/a><figcaption class=\"wp-element-caption\">12.10.1945 Brief von Annemarie<\/figcaption><\/figure>\n<\/div>\n\n<div class=\"wp-block-image\">\n<figure class=\"alignleft\"><a href=\"https:\/\/familie-woehl.de\/?page_id=2994\"><img loading=\"lazy\" decoding=\"async\" width=\"98\" height=\"150\" src=\"https:\/\/familie-woehl.de\/wp-content\/uploads\/2013\/10\/451030Bruno1-98x150.jpg\" alt=\"\" class=\"wp-image-1110\" srcset=\"https:\/\/familie-woehl.de\/wp-content\/uploads\/2013\/10\/451030Bruno1-98x150.jpg 98w, https:\/\/familie-woehl.de\/wp-content\/uploads\/2013\/10\/451030Bruno1-197x300.jpg 197w, https:\/\/familie-woehl.de\/wp-content\/uploads\/2013\/10\/451030Bruno1-675x1024.jpg 675w, https:\/\/familie-woehl.de\/wp-content\/uploads\/2013\/10\/451030Bruno1.jpg 905w\" sizes=\"auto, (max-width: 98px) 100vw, 98px\" \/><\/a><figcaption class=\"wp-element-caption\">14.10.1945 Brief von Annemarie<\/figcaption><\/figure>\n<\/div>\n\n\n<div style=\"height:15px\" aria-hidden=\"true\" class=\"wp-block-spacer\"><\/div>\n\n\n<div class=\"wp-block-image\">\n<figure class=\"alignleft\"><a href=\"https:\/\/familie-woehl.de\/?page_id=2999\"><img loading=\"lazy\" decoding=\"async\" width=\"150\" height=\"106\" src=\"https:\/\/familie-woehl.de\/wp-content\/uploads\/2013\/10\/451111Bruno1-150x106.jpg\" alt=\"\" class=\"wp-image-1113\" srcset=\"https:\/\/familie-woehl.de\/wp-content\/uploads\/2013\/10\/451111Bruno1-150x106.jpg 150w, https:\/\/familie-woehl.de\/wp-content\/uploads\/2013\/10\/451111Bruno1-300x213.jpg 300w, https:\/\/familie-woehl.de\/wp-content\/uploads\/2013\/10\/451111Bruno1-1024x730.jpg 1024w, https:\/\/familie-woehl.de\/wp-content\/uploads\/2013\/10\/451111Bruno1-624x444.jpg 624w, https:\/\/familie-woehl.de\/wp-content\/uploads\/2013\/10\/451111Bruno1.jpg 1338w\" sizes=\"auto, (max-width: 150px) 100vw, 150px\" \/><\/a><figcaption class=\"wp-element-caption\">11.11.1945<br>Brief von Bruno<\/figcaption><\/figure>\n<\/div>\n\n<div class=\"wp-block-image\">\n<figure class=\"alignleft\"><a href=\"https:\/\/familie-woehl.de\/?page_id=3005\"><img loading=\"lazy\" decoding=\"async\" width=\"150\" height=\"105\" src=\"https:\/\/familie-woehl.de\/wp-content\/uploads\/2013\/10\/451114Bruno1-150x105.jpg\" alt=\"\" class=\"wp-image-1115\" srcset=\"https:\/\/familie-woehl.de\/wp-content\/uploads\/2013\/10\/451114Bruno1-150x105.jpg 150w, https:\/\/familie-woehl.de\/wp-content\/uploads\/2013\/10\/451114Bruno1-300x211.jpg 300w, https:\/\/familie-woehl.de\/wp-content\/uploads\/2013\/10\/451114Bruno1-1024x723.jpg 1024w, https:\/\/familie-woehl.de\/wp-content\/uploads\/2013\/10\/451114Bruno1-624x440.jpg 624w, https:\/\/familie-woehl.de\/wp-content\/uploads\/2013\/10\/451114Bruno1.jpg 1331w\" sizes=\"auto, (max-width: 150px) 100vw, 150px\" \/><\/a><figcaption class=\"wp-element-caption\">14.11.1945<br>Brief von Bruno <\/figcaption><\/figure>\n<\/div>\n\n\n<h4 class=\"has-text-align-center wp-block-heading\" id=\"Briefe1946\">1946<\/h4>\n\n\n<div class=\"wp-block-image\">\n<figure class=\"alignleft\"><a href=\"https:\/\/familie-woehl.de\/?page_id=3013\"><img loading=\"lazy\" decoding=\"async\" width=\"106\" height=\"150\" src=\"https:\/\/familie-woehl.de\/wp-content\/uploads\/2013\/10\/460119Frieda1-106x150.jpg\" alt=\"\" class=\"wp-image-1120\" srcset=\"https:\/\/familie-woehl.de\/wp-content\/uploads\/2013\/10\/460119Frieda1-106x150.jpg 106w, https:\/\/familie-woehl.de\/wp-content\/uploads\/2013\/10\/460119Frieda1-212x300.jpg 212w, https:\/\/familie-woehl.de\/wp-content\/uploads\/2013\/10\/460119Frieda1-624x882.jpg 624w, https:\/\/familie-woehl.de\/wp-content\/uploads\/2013\/10\/460119Frieda1.jpg 713w\" sizes=\"auto, (max-width: 106px) 100vw, 106px\" \/><\/a><figcaption class=\"wp-element-caption\">19.1.1946 Brief von Tante Frieda an Annemarie<\/figcaption><\/figure>\n<\/div>\n\n<div class=\"wp-block-image\">\n<figure class=\"alignleft\"><a href=\"https:\/\/familie-woehl.de\/?page_id=3018\"><img loading=\"lazy\" decoding=\"async\" width=\"105\" height=\"150\" src=\"https:\/\/familie-woehl.de\/wp-content\/uploads\/2013\/10\/460222Bruno1-105x150.jpg\" alt=\"\" class=\"wp-image-1124\" srcset=\"https:\/\/familie-woehl.de\/wp-content\/uploads\/2013\/10\/460222Bruno1-105x150.jpg 105w, https:\/\/familie-woehl.de\/wp-content\/uploads\/2013\/10\/460222Bruno1-211x300.jpg 211w, https:\/\/familie-woehl.de\/wp-content\/uploads\/2013\/10\/460222Bruno1-721x1024.jpg 721w, https:\/\/familie-woehl.de\/wp-content\/uploads\/2013\/10\/460222Bruno1-624x885.jpg 624w, https:\/\/familie-woehl.de\/wp-content\/uploads\/2013\/10\/460222Bruno1.jpg 967w\" sizes=\"auto, (max-width: 105px) 100vw, 105px\" \/><\/a><figcaption class=\"wp-element-caption\">22.02.1946 Brief von Bruno an Annemarie wegen Heirat<\/figcaption><\/figure>\n<\/div>\n\n<div class=\"wp-block-image\">\n<figure class=\"alignleft\"><a href=\"https:\/\/familie-woehl.de\/?page_id=3022\"><img loading=\"lazy\" decoding=\"async\" width=\"105\" height=\"150\" src=\"https:\/\/familie-woehl.de\/wp-content\/uploads\/2013\/10\/460222Bruno_Eltern1-105x150.jpg\" alt=\"\" class=\"wp-image-1127\" srcset=\"https:\/\/familie-woehl.de\/wp-content\/uploads\/2013\/10\/460222Bruno_Eltern1-105x150.jpg 105w, https:\/\/familie-woehl.de\/wp-content\/uploads\/2013\/10\/460222Bruno_Eltern1-211x300.jpg 211w, https:\/\/familie-woehl.de\/wp-content\/uploads\/2013\/10\/460222Bruno_Eltern1-721x1024.jpg 721w, https:\/\/familie-woehl.de\/wp-content\/uploads\/2013\/10\/460222Bruno_Eltern1-624x885.jpg 624w, https:\/\/familie-woehl.de\/wp-content\/uploads\/2013\/10\/460222Bruno_Eltern1.jpg 967w\" sizes=\"auto, (max-width: 105px) 100vw, 105px\" \/><\/a><figcaption class=\"wp-element-caption\">22.02.1946 Brief von Bruno an Eltern wegen Heirat <\/figcaption><\/figure>\n<\/div>\n\n<div class=\"wp-block-image\">\n<figure class=\"alignleft size-thumbnail\"><a href=\"https:\/\/familie-woehl.de\/?page_id=4510\"><img loading=\"lazy\" decoding=\"async\" width=\"111\" height=\"150\" src=\"https:\/\/familie-woehl.de\/wp-content\/uploads\/2023\/02\/4603__Frieda1-111x150.jpg\" alt=\"\" class=\"wp-image-4511\" srcset=\"https:\/\/familie-woehl.de\/wp-content\/uploads\/2023\/02\/4603__Frieda1-111x150.jpg 111w, https:\/\/familie-woehl.de\/wp-content\/uploads\/2023\/02\/4603__Frieda1-222x300.jpg 222w, https:\/\/familie-woehl.de\/wp-content\/uploads\/2023\/02\/4603__Frieda1-759x1024.jpg 759w, https:\/\/familie-woehl.de\/wp-content\/uploads\/2023\/02\/4603__Frieda1-768x1036.jpg 768w, https:\/\/familie-woehl.de\/wp-content\/uploads\/2023\/02\/4603__Frieda1-1139x1536.jpg 1139w, https:\/\/familie-woehl.de\/wp-content\/uploads\/2023\/02\/4603__Frieda1-1518x2048.jpg 1518w, https:\/\/familie-woehl.de\/wp-content\/uploads\/2023\/02\/4603__Frieda1.jpg 1884w\" sizes=\"auto, (max-width: 111px) 100vw, 111px\" \/><\/a><figcaption class=\"wp-element-caption\">__.03.1946 Blatt eines Briefs von Tante Frieda<\/figcaption><\/figure>\n<\/div>\n\n<div class=\"wp-block-image\">\n<figure class=\"alignleft\"><a href=\"https:\/\/familie-woehl.de\/?page_id=3033\"><img loading=\"lazy\" decoding=\"async\" width=\"127\" height=\"150\" src=\"https:\/\/familie-woehl.de\/wp-content\/uploads\/2013\/11\/460720Richard1-127x150.jpg\" alt=\"\" class=\"wp-image-1158\" srcset=\"https:\/\/familie-woehl.de\/wp-content\/uploads\/2013\/11\/460720Richard1-127x150.jpg 127w, https:\/\/familie-woehl.de\/wp-content\/uploads\/2013\/11\/460720Richard1-255x300.jpg 255w, https:\/\/familie-woehl.de\/wp-content\/uploads\/2013\/11\/460720Richard1-872x1024.jpg 872w, https:\/\/familie-woehl.de\/wp-content\/uploads\/2013\/11\/460720Richard1-624x732.jpg 624w, https:\/\/familie-woehl.de\/wp-content\/uploads\/2013\/11\/460720Richard1.jpg 971w\" sizes=\"auto, (max-width: 127px) 100vw, 127px\" \/><\/a><figcaption class=\"wp-element-caption\">20.07.1946 Brief von Richard an Annemaries Eltern<\/figcaption><\/figure>\n<\/div>\n\n<div class=\"wp-block-image\">\n<figure class=\"alignleft size-thumbnail\"><a href=\"https:\/\/familie-woehl.de\/?page_id=4523\"><img loading=\"lazy\" decoding=\"async\" width=\"107\" height=\"150\" src=\"https:\/\/familie-woehl.de\/wp-content\/uploads\/2023\/02\/460101Lotte_an_Annemarie_S1-107x150.jpg\" alt=\"\" class=\"wp-image-4524\" srcset=\"https:\/\/familie-woehl.de\/wp-content\/uploads\/2023\/02\/460101Lotte_an_Annemarie_S1-107x150.jpg 107w, https:\/\/familie-woehl.de\/wp-content\/uploads\/2023\/02\/460101Lotte_an_Annemarie_S1-214x300.jpg 214w, https:\/\/familie-woehl.de\/wp-content\/uploads\/2023\/02\/460101Lotte_an_Annemarie_S1-732x1024.jpg 732w, https:\/\/familie-woehl.de\/wp-content\/uploads\/2023\/02\/460101Lotte_an_Annemarie_S1-768x1074.jpg 768w, https:\/\/familie-woehl.de\/wp-content\/uploads\/2023\/02\/460101Lotte_an_Annemarie_S1-1098x1536.jpg 1098w, https:\/\/familie-woehl.de\/wp-content\/uploads\/2023\/02\/460101Lotte_an_Annemarie_S1-1464x2048.jpg 1464w, https:\/\/familie-woehl.de\/wp-content\/uploads\/2023\/02\/460101Lotte_an_Annemarie_S1-scaled.jpg 1830w\" sizes=\"auto, (max-width: 107px) 100vw, 107px\" \/><\/a><figcaption class=\"wp-element-caption\">1.1.1946 Brief von Arbeitskollegin Lotte an Annemarie<\/figcaption><\/figure>\n<\/div>\n\n\n<h4 class=\"has-text-align-center wp-block-heading\" id=\"Briefe1947\">1947<\/h4>\n\n\n<div class=\"wp-block-image\">\n<figure class=\"alignleft\"><a href=\"https:\/\/familie-woehl.de\/wp-content\/uploads\/2012\/11\/470829vertreibung1.jpg\"><img loading=\"lazy\" decoding=\"async\" width=\"150\" height=\"105\" src=\"https:\/\/familie-woehl.de\/wp-content\/uploads\/2012\/11\/470829vertreibung1-150x105.jpg\" alt=\"\" class=\"wp-image-1047\" srcset=\"https:\/\/familie-woehl.de\/wp-content\/uploads\/2012\/11\/470829vertreibung1-150x105.jpg 150w, https:\/\/familie-woehl.de\/wp-content\/uploads\/2012\/11\/470829vertreibung1-300x211.jpg 300w, https:\/\/familie-woehl.de\/wp-content\/uploads\/2012\/11\/470829vertreibung1-1024x723.jpg 1024w, https:\/\/familie-woehl.de\/wp-content\/uploads\/2012\/11\/470829vertreibung1-624x440.jpg 624w, https:\/\/familie-woehl.de\/wp-content\/uploads\/2012\/11\/470829vertreibung1.jpg 1216w\" sizes=\"auto, (max-width: 150px) 100vw, 150px\" \/><\/a><\/figure>\n<\/div>\n\n<div class=\"wp-block-image\">\n<figure class=\"alignleft\"><a href=\"https:\/\/familie-woehl.de\/wp-content\/uploads\/2012\/11\/470829vertreibung2.jpg\"><img loading=\"lazy\" decoding=\"async\" width=\"150\" height=\"107\" src=\"https:\/\/familie-woehl.de\/wp-content\/uploads\/2012\/11\/470829vertreibung2-150x107.jpg\" alt=\"\" class=\"wp-image-1048\" srcset=\"https:\/\/familie-woehl.de\/wp-content\/uploads\/2012\/11\/470829vertreibung2-150x107.jpg 150w, https:\/\/familie-woehl.de\/wp-content\/uploads\/2012\/11\/470829vertreibung2-300x214.jpg 300w, https:\/\/familie-woehl.de\/wp-content\/uploads\/2012\/11\/470829vertreibung2-1024x732.jpg 1024w, https:\/\/familie-woehl.de\/wp-content\/uploads\/2012\/11\/470829vertreibung2-624x446.jpg 624w, https:\/\/familie-woehl.de\/wp-content\/uploads\/2012\/11\/470829vertreibung2.jpg 1193w\" sizes=\"auto, (max-width: 150px) 100vw, 150px\" \/><\/a><figcaption class=\"wp-element-caption\">Karte vom Abend der Aussiedlung<\/figcaption><\/figure>\n<\/div>\n\n<div class=\"wp-block-image\">\n<figure class=\"alignleft\"><a href=\"https:\/\/familie-woehl.de\/?page_id=3039\"><img loading=\"lazy\" decoding=\"async\" width=\"102\" height=\"150\" src=\"https:\/\/familie-woehl.de\/wp-content\/uploads\/2013\/11\/470918Richard1-102x150.jpg\" alt=\"\" class=\"wp-image-1173\" srcset=\"https:\/\/familie-woehl.de\/wp-content\/uploads\/2013\/11\/470918Richard1-102x150.jpg 102w, https:\/\/familie-woehl.de\/wp-content\/uploads\/2013\/11\/470918Richard1-205x300.jpg 205w, https:\/\/familie-woehl.de\/wp-content\/uploads\/2013\/11\/470918Richard1-624x910.jpg 624w, https:\/\/familie-woehl.de\/wp-content\/uploads\/2013\/11\/470918Richard1.jpg 684w\" sizes=\"auto, (max-width: 102px) 100vw, 102px\" \/><\/a><figcaption class=\"wp-element-caption\">18.09.1947 Brief von Richard an Annemaries Eltern<\/figcaption><\/figure>\n<\/div>\n\n<div class=\"wp-block-image\">\n<figure class=\"alignleft\"><a href=\"https:\/\/familie-woehl.de\/?page_id=3071\"><img loading=\"lazy\" decoding=\"async\" width=\"105\" height=\"150\" src=\"https:\/\/familie-woehl.de\/wp-content\/uploads\/2013\/11\/470613Richard1-105x150.jpg\" alt=\"\" class=\"wp-image-1163\" srcset=\"https:\/\/familie-woehl.de\/wp-content\/uploads\/2013\/11\/470613Richard1-105x150.jpg 105w, https:\/\/familie-woehl.de\/wp-content\/uploads\/2013\/11\/470613Richard1-211x300.jpg 211w, https:\/\/familie-woehl.de\/wp-content\/uploads\/2013\/11\/470613Richard1-721x1024.jpg 721w, https:\/\/familie-woehl.de\/wp-content\/uploads\/2013\/11\/470613Richard1-624x885.jpg 624w, https:\/\/familie-woehl.de\/wp-content\/uploads\/2013\/11\/470613Richard1.jpg 967w\" sizes=\"auto, (max-width: 105px) 100vw, 105px\" \/><\/a><figcaption class=\"wp-element-caption\">13.06.1947<br>Brief von Richard an Annemarie Zoch<\/figcaption><\/figure>\n<\/div>\n\n\n<h4 class=\"has-text-align-center wp-block-heading\" id=\"Briefe1949\">1949<\/h4>\n\n\n<div class=\"wp-block-image\">\n<figure class=\"alignleft\"><a href=\"https:\/\/familie-woehl.de\/?page_id=3078\"><img loading=\"lazy\" decoding=\"async\" width=\"109\" height=\"150\" src=\"https:\/\/familie-woehl.de\/wp-content\/uploads\/2013\/11\/490618Richard1-109x150.jpg\" alt=\"\" class=\"wp-image-1181\" srcset=\"https:\/\/familie-woehl.de\/wp-content\/uploads\/2013\/11\/490618Richard1-109x150.jpg 109w, https:\/\/familie-woehl.de\/wp-content\/uploads\/2013\/11\/490618Richard1-218x300.jpg 218w, https:\/\/familie-woehl.de\/wp-content\/uploads\/2013\/11\/490618Richard1-624x857.jpg 624w, https:\/\/familie-woehl.de\/wp-content\/uploads\/2013\/11\/490618Richard1.jpg 744w\" sizes=\"auto, (max-width: 109px) 100vw, 109px\" \/><\/a><figcaption class=\"wp-element-caption\">18.06.1949<br>Brief von Richard und Martha zu Kais Geburt<\/figcaption><\/figure>\n<\/div>\n\n\n<h4 class=\"has-text-align-center wp-block-heading\" id=\"Briefe1951\">1951<\/h4>\n\n\n<div class=\"wp-block-image\">\n<figure class=\"alignleft\"><a href=\"https:\/\/familie-woehl.de\/?page_id=3086\"><img loading=\"lazy\" decoding=\"async\" width=\"150\" height=\"109\" src=\"https:\/\/familie-woehl.de\/wp-content\/uploads\/2013\/11\/510408Richard1-150x109.jpg\" alt=\"\" class=\"wp-image-1187\" srcset=\"https:\/\/familie-woehl.de\/wp-content\/uploads\/2013\/11\/510408Richard1-150x109.jpg 150w, https:\/\/familie-woehl.de\/wp-content\/uploads\/2013\/11\/510408Richard1-300x219.jpg 300w, https:\/\/familie-woehl.de\/wp-content\/uploads\/2013\/11\/510408Richard1-624x455.jpg 624w, https:\/\/familie-woehl.de\/wp-content\/uploads\/2013\/11\/510408Richard1.jpg 715w\" sizes=\"auto, (max-width: 150px) 100vw, 150px\" \/><\/a><figcaption class=\"wp-element-caption\"> 8.4.1951  <br>Postkarte von Richard an seine Kinder<\/figcaption><\/figure>\n<\/div>\n\n<div class=\"wp-block-image\">\n<figure class=\"alignleft\"><a href=\"https:\/\/familie-woehl.de\/?page_id=3094\"><img loading=\"lazy\" decoding=\"async\" width=\"104\" height=\"150\" src=\"https:\/\/familie-woehl.de\/wp-content\/uploads\/2013\/10\/510428Bruno1-104x150.jpg\" alt=\"\" class=\"wp-image-1196\" srcset=\"https:\/\/familie-woehl.de\/wp-content\/uploads\/2013\/10\/510428Bruno1-104x150.jpg 104w, https:\/\/familie-woehl.de\/wp-content\/uploads\/2013\/10\/510428Bruno1-209x300.jpg 209w, https:\/\/familie-woehl.de\/wp-content\/uploads\/2013\/10\/510428Bruno1-715x1024.jpg 715w, https:\/\/familie-woehl.de\/wp-content\/uploads\/2013\/10\/510428Bruno1-624x893.jpg 624w, https:\/\/familie-woehl.de\/wp-content\/uploads\/2013\/10\/510428Bruno1.jpg 958w\" sizes=\"auto, (max-width: 104px) 100vw, 104px\" \/><\/a><figcaption class=\"wp-element-caption\">28.4.1951  <br>Brief von Bruno an Annemarie wg. Umzug&nbsp; <\/figcaption><\/figure>\n<\/div>\n\n<div class=\"wp-block-image\">\n<figure class=\"alignleft\"><a href=\"https:\/\/familie-woehl.de\/?page_id=3100\"><img loading=\"lazy\" decoding=\"async\" width=\"105\" height=\"150\" src=\"https:\/\/familie-woehl.de\/wp-content\/uploads\/2013\/11\/511206Richard1-105x150.jpg\" alt=\"\" class=\"wp-image-1212\" srcset=\"https:\/\/familie-woehl.de\/wp-content\/uploads\/2013\/11\/511206Richard1-105x150.jpg 105w, https:\/\/familie-woehl.de\/wp-content\/uploads\/2013\/11\/511206Richard1-211x300.jpg 211w, https:\/\/familie-woehl.de\/wp-content\/uploads\/2013\/11\/511206Richard1-720x1024.jpg 720w, https:\/\/familie-woehl.de\/wp-content\/uploads\/2013\/11\/511206Richard1-624x887.jpg 624w, https:\/\/familie-woehl.de\/wp-content\/uploads\/2013\/11\/511206Richard1.jpg 965w\" sizes=\"auto, (max-width: 105px) 100vw, 105px\" \/><\/a><figcaption class=\"wp-element-caption\"> 6.12.1951  <br>Brief von Richard und Martha an ihre Kinder <\/figcaption><\/figure>\n<\/div>\n\n\n<h4 class=\"has-text-align-center wp-block-heading\" id=\"Briefe1952\">1952<\/h4>\n\n\n<div class=\"wp-block-image\">\n<figure class=\"alignleft\"><a href=\"https:\/\/familie-woehl.de\/?page_id=3107\"><img loading=\"lazy\" decoding=\"async\" width=\"107\" height=\"150\" src=\"https:\/\/familie-woehl.de\/wp-content\/uploads\/2013\/11\/520410Martha1-107x150.jpg\" alt=\"\" class=\"wp-image-1217\" srcset=\"https:\/\/familie-woehl.de\/wp-content\/uploads\/2013\/11\/520410Martha1-107x150.jpg 107w, https:\/\/familie-woehl.de\/wp-content\/uploads\/2013\/11\/520410Martha1-214x300.jpg 214w, https:\/\/familie-woehl.de\/wp-content\/uploads\/2013\/11\/520410Martha1-624x874.jpg 624w, https:\/\/familie-woehl.de\/wp-content\/uploads\/2013\/11\/520410Martha1.jpg 715w\" sizes=\"auto, (max-width: 107px) 100vw, 107px\" \/><\/a><figcaption class=\"wp-element-caption\">10.4.1952  <br>Marthas Nachricht mit Richards&nbsp;Tod<br><\/figcaption><\/figure>\n<\/div>\n\n<div class=\"wp-block-image\">\n<figure class=\"alignleft\"><a href=\"https:\/\/familie-woehl.de\/?page_id=3113\"><img loading=\"lazy\" decoding=\"async\" width=\"107\" height=\"150\" src=\"https:\/\/familie-woehl.de\/wp-content\/uploads\/2013\/11\/520414Martha1-107x150.jpg\" alt=\"\" class=\"wp-image-1219\" srcset=\"https:\/\/familie-woehl.de\/wp-content\/uploads\/2013\/11\/520414Martha1-107x150.jpg 107w, https:\/\/familie-woehl.de\/wp-content\/uploads\/2013\/11\/520414Martha1-214x300.jpg 214w, https:\/\/familie-woehl.de\/wp-content\/uploads\/2013\/11\/520414Martha1-624x873.jpg 624w, https:\/\/familie-woehl.de\/wp-content\/uploads\/2013\/11\/520414Martha1.jpg 719w\" sizes=\"auto, (max-width: 107px) 100vw, 107px\" \/><\/a><figcaption class=\"wp-element-caption\">14.4.1952  <br>Brief von Martha u. ihrer Mutter zu Richards&nbsp;Tod <\/figcaption><\/figure>\n<\/div>\n\n\n<h4 class=\"has-text-align-center wp-block-heading\" id=\"Briefe1954\">1954<\/h4>\n\n\n<div class=\"wp-block-image\">\n<figure class=\"alignleft\"><a href=\"https:\/\/familie-woehl.de\/?page_id=3122\"><img loading=\"lazy\" decoding=\"async\" width=\"108\" height=\"150\" src=\"https:\/\/familie-woehl.de\/wp-content\/uploads\/2013\/08\/540913Bertha1-108x150.jpg\" alt=\"\" class=\"wp-image-1253\" srcset=\"https:\/\/familie-woehl.de\/wp-content\/uploads\/2013\/08\/540913Bertha1-108x150.jpg 108w, https:\/\/familie-woehl.de\/wp-content\/uploads\/2013\/08\/540913Bertha1-217x300.jpg 217w, https:\/\/familie-woehl.de\/wp-content\/uploads\/2013\/08\/540913Bertha1-624x860.jpg 624w, https:\/\/familie-woehl.de\/wp-content\/uploads\/2013\/08\/540913Bertha1.jpg 712w\" sizes=\"auto, (max-width: 108px) 100vw, 108px\" \/><\/a><figcaption class=\"wp-element-caption\">13.9.1954 Brief von Oma Bertha an Kai mit M\u00e4rchen<\/figcaption><\/figure>\n<\/div>\n\n\n<h4 class=\"has-text-align-center wp-block-heading\">1955<\/h4>\n\n\n\n<div class=\"wp-block-buttons is-content-justification-right is-layout-flex wp-container-core-buttons-is-layout-765c4724 wp-block-buttons-is-layout-flex\">\n<div class=\"wp-block-button is-style-fill\"><a class=\"wp-block-button__link has-medium-pink-background-color has-background wp-element-button\" href=\"https:\/\/familie-woehl.de\/?page_id=538\">zur\u00fcck zu den Chronik-Erg\u00e4nzungen<\/a><\/div>\n<\/div>\n","protected":false},"excerpt":{"rendered":"<p>Da die Briefe zwischen Bruno, Annemarie, ihren Eltern, aber fr\u00fcher zwischen den Mitgliedern der St\u00f6ckmann-Familie in Salesker Strand und Tochter\/Schwester Frieda in Altd\u00f6bern einen guten Eindruck von der schwierigen Zeit in der 1. H\u00e4lfte des letzten Jahrhunderts wiedergeben, sind sie eine wichtige Erg\u00e4nzung der Chronik. Die&nbsp;Briefe&nbsp;von Annemarie an Bruno, die sie&nbsp;vor Kriegsende&nbsp;geschrieben hat, sind nicht &hellip; <a href=\"https:\/\/familie-woehl.de\/?page_id=2928\" class=\"more-link\"><span class=\"screen-reader-text\">Briefe<\/span> weiterlesen<\/a><\/p>\n","protected":false},"author":1,"featured_media":1082,"parent":538,"menu_order":0,"comment_status":"closed","ping_status":"closed","template":"","meta":{"footnotes":""},"class_list":["post-2928","page","type-page","status-publish","has-post-thumbnail","hentry"],"_links":{"self":[{"href":"https:\/\/familie-woehl.de\/index.php?rest_route=\/wp\/v2\/pages\/2928","targetHints":{"allow":["GET"]}}],"collection":[{"href":"https:\/\/familie-woehl.de\/index.php?rest_route=\/wp\/v2\/pages"}],"about":[{"href":"https:\/\/familie-woehl.de\/index.php?rest_route=\/wp\/v2\/types\/page"}],"author":[{"embeddable":true,"href":"https:\/\/familie-woehl.de\/index.php?rest_route=\/wp\/v2\/users\/1"}],"replies":[{"embeddable":true,"href":"https:\/\/familie-woehl.de\/index.php?rest_route=%2Fwp%2Fv2%2Fcomments&post=2928"}],"version-history":[{"count":66,"href":"https:\/\/familie-woehl.de\/index.php?rest_route=\/wp\/v2\/pages\/2928\/revisions"}],"predecessor-version":[{"id":4538,"href":"https:\/\/familie-woehl.de\/index.php?rest_route=\/wp\/v2\/pages\/2928\/revisions\/4538"}],"up":[{"embeddable":true,"href":"https:\/\/familie-woehl.de\/index.php?rest_route=\/wp\/v2\/pages\/538"}],"wp:featuredmedia":[{"embeddable":true,"href":"https:\/\/familie-woehl.de\/index.php?rest_route=\/wp\/v2\/media\/1082"}],"wp:attachment":[{"href":"https:\/\/familie-woehl.de\/index.php?rest_route=%2Fwp%2Fv2%2Fmedia&parent=2928"}],"curies":[{"name":"wp","href":"https:\/\/api.w.org\/{rel}","templated":true}]}}